{"id":625,"date":"2024-03-17T14:07:26","date_gmt":"2024-03-17T13:07:26","guid":{"rendered":"http:\/\/confreriepeketescargots.net\/?page_id=625"},"modified":"2025-05-02T11:37:15","modified_gmt":"2025-05-02T09:37:15","slug":"27eme-chapitre","status":"publish","type":"page","link":"http:\/\/confreriepeketescargots.net\/index.php\/27eme-chapitre\/","title":{"rendered":"27\u00e8me Chapitre"},"content":{"rendered":"<p>[et_pb_section fb_built=\u00a0\u00bb1&Prime; _builder_version=\u00a0\u00bb3.22&Prime; min_height=\u00a0\u00bb4255.3px\u00a0\u00bb custom_margin=\u00a0\u00bb||-303px|||\u00a0\u00bb custom_padding=\u00a0\u00bb||550px|||\u00a0\u00bb global_colors_info=\u00a0\u00bb{}\u00a0\u00bb][et_pb_row _builder_version=\u00a0\u00bb3.25&Prime; background_size=\u00a0\u00bbinitial\u00a0\u00bb background_position=\u00a0\u00bbtop_left\u00a0\u00bb background_repeat=\u00a0\u00bbrepeat\u00a0\u00bb custom_padding=\u00a0\u00bb||3px|||\u00a0\u00bb global_colors_info=\u00a0\u00bb{}\u00a0\u00bb][et_pb_column type=\u00a0\u00bb4_4&Prime; _builder_version=\u00a0\u00bb3.25&Prime; custom_padding=\u00a0\u00bb|||\u00a0\u00bb global_colors_info=\u00a0\u00bb{}\u00a0\u00bb custom_padding__hover=\u00a0\u00bb|||\u00a0\u00bb][et_pb_text _builder_version=\u00a0\u00bb4.14.4&Prime; background_size=\u00a0\u00bbinitial\u00a0\u00bb background_position=\u00a0\u00bbtop_left\u00a0\u00bb background_repeat=\u00a0\u00bbrepeat\u00a0\u00bb min_height=\u00a0\u00bb2804.5px\u00a0\u00bb custom_margin=\u00a0\u00bb||-75px|||\u00a0\u00bb custom_padding=\u00a0\u00bb||4px|||\u00a0\u00bb inline_fonts=\u00a0\u00bbAbel,ABeeZee,Akaya Kanadaka\u00a0\u00bb global_colors_info=\u00a0\u00bb{}\u00a0\u00bb]<\/p>\n<p><span style=\"font-size: x-large;\"><strong>Le 28\u00e8me chapitre se tiendra le 23 ao\u00fbt 2025 \u00e0 la Salle le Bienvenu<\/strong><\/span><\/p>\n<p>\u00a0Menu 8 services<\/p>\n<p><!-- \/divi:paragraph --><!-- divi:image {\"id\":192,\"width\":612,\"height\":401,\"sizeSlug\":\"large\",\"linkDestination\":\"none\"} --><\/p>\n<figure class=\"wp-block-image size-large is-resized\"><\/figure>\n<p><!-- \/divi:image --><!-- divi:heading --><\/p>\n<div style=\"text-align: center; margin-top: 1em; margin-bottom: 1em; font-family: Aptos,Aptos_EmbeddedFont,Aptos_MSFontService,Calibri,Helvetica,sans-serif; font-size: 12pt; color: #000000;\"><span style=\"font-family: Akaya Kanadaka; font-weight: normal;\">APERITIF<\/span><\/div>\n<div style=\"text-align: center; margin-top: 1em; margin-bottom: 1em; font-family: Aptos,Aptos_EmbeddedFont,Aptos_MSFontService,Calibri,Helvetica,sans-serif; font-size: 12pt; color: #000000;\"><span style=\"font-family: Akaya Kanadaka; font-weight: normal;\">Le Cr\u00e9mant d\u2019Alsace\u00a0 accompagn\u00e9 de D\u00e9gustations Froides et Chaudes \u00a0<\/span><\/div>\n<div style=\"text-align: center; margin-top: 1em; margin-bottom: 1em; font-family: Aptos,Aptos_EmbeddedFont,Aptos_MSFontService,Calibri,Helvetica,sans-serif; font-size: 12pt; color: #000000;\"><span style=\"font-family: Akaya Kanadaka; font-weight: normal;\">1\u00e8re ENTREE<\/span><\/div>\n<div style=\"text-align: center; margin-top: 1em; margin-bottom: 1em; margin-left: 54pt; font-family: Aptos,Aptos_EmbeddedFont,Aptos_MSFontService,Calibri,Helvetica,sans-serif; font-size: 12pt; color: #000000;\"><span style=\"font-family: Akaya Kanadaka; font-weight: normal;\"><i>Tartelette Feuillet\u00e9e Merveilleuse\u00a0: Poire Doyenn\u00e9 Fraiche, Magret de Canard Fum\u00e9 au H\u00eatre,\u00a0<\/i><\/span><\/div>\n<div style=\"text-align: center; margin-top: 1em; margin-bottom: 1em; margin-left: 54pt; font-family: Aptos,Aptos_EmbeddedFont,Aptos_MSFontService,Calibri,Helvetica,sans-serif; font-size: 12pt; color: #000000;\"><span style=\"font-family: Akaya Kanadaka; font-weight: normal;\"><i>Foie gras au Torchon, Verveine et Fleur de Sel<\/i><\/span><\/div>\n<div style=\"text-align: center; margin-top: 1em; margin-bottom: 1em; margin-left: 54pt; font-family: Aptos,Aptos_EmbeddedFont,Aptos_MSFontService,Calibri,Helvetica,sans-serif; font-size: 12pt; color: #000000;\"><span style=\"font-family: Akaya Kanadaka; font-weight: normal;\">2\u00e8me ENTREE<\/span><\/div>\n<div style=\"text-align: center; line-height: 107%; margin: 0cm 0cm 8pt 60.55pt; font-family: Aptos,Aptos_EmbeddedFont,Aptos_MSFontService,Calibri,Helvetica,sans-serif; font-size: 12pt; color: #000000;\"><span style=\"font-family: Akaya Kanadaka; font-weight: normal;\">Filet de Sole Farci\u00a0\u00e0 la Mousse de Saumon et St Jacques,\u00a0<\/span><\/div>\n<div style=\"text-align: center; line-height: 107%; margin: 0cm 0cm 8pt 60.55pt; font-family: Aptos,Aptos_EmbeddedFont,Aptos_MSFontService,Calibri,Helvetica,sans-serif; font-size: 12pt; color: #000000;\"><span style=\"font-family: Akaya Kanadaka; font-weight: normal;\">Embeurr\u00e9e de Chou Vert aux lardons, Scampis jumbo juste Po\u00eal\u00e9s,\u00a0<\/span><\/div>\n<div style=\"text-align: center; line-height: 107%; margin: 0cm 0cm 8pt 60.55pt; font-family: Aptos,Aptos_EmbeddedFont,Aptos_MSFontService,Calibri,Helvetica,sans-serif; font-size: 12pt; color: #000000;\"><span style=\"font-family: Akaya Kanadaka; font-weight: normal;\">Poireaux Frits et Sabayon aux Agrumes<\/span><\/div>\n<div style=\"text-align: center; line-height: 107%; margin: 0cm 0cm 8pt 60.55pt; font-family: Aptos,Aptos_EmbeddedFont,Aptos_MSFontService,Calibri,Helvetica,sans-serif; font-size: 12pt; color: #000000;\"><span style=\"font-family: Akaya Kanadaka; font-weight: normal;\">POTAGE<\/span><\/div>\n<div style=\"text-align: center; line-height: 107%; margin: 0cm 0cm 8pt 60.55pt; font-family: Aptos,Aptos_EmbeddedFont,Aptos_MSFontService,Calibri,Helvetica,sans-serif; font-size: 12pt; color: #000000;\"><span style=\"font-family: Akaya Kanadaka; font-weight: normal;\">Velout\u00e9 de Topinambours aux Escargots et Cr\u00e8me Persill\u00e9e<\/span><\/div>\n<div style=\"text-align: center; line-height: 107%; margin: 0cm 0cm 8pt 60.55pt; font-family: Aptos,Aptos_EmbeddedFont,Aptos_MSFontService,Calibri,Helvetica,sans-serif; font-size: 12pt; color: #000000;\"><span style=\"font-family: Akaya Kanadaka; font-weight: normal;\">PAUSE FRAICHEUR<\/span><\/div>\n<div style=\"text-align: center; line-height: 107%; margin: 1em 0cm 1em 18pt; font-family: Aptos,Aptos_EmbeddedFont,Aptos_MSFontService,Calibri,Helvetica,sans-serif; font-size: 12pt; color: #000000;\"><span style=\"font-family: Akaya Kanadaka; font-weight: normal;\">\u00a0 \u00a0 \u00a0 \u00a0 \u00a0 \u00a0 \u00a0 \u00a0 \u00a0 \u00a0 Sorbet Estival surprise au P\u00e8ket\u00a0<\/span><\/div>\n<div style=\"text-align: center; line-height: 107%; margin: 0cm 0cm 8pt 60.55pt; font-family: Aptos,Aptos_EmbeddedFont,Aptos_MSFontService,Calibri,Helvetica,sans-serif; font-size: 12pt; color: #000000;\"><span style=\"font-family: Akaya Kanadaka; font-weight: normal;\">PLAT PRINCIPAL<\/span><\/div>\n<div style=\"text-align: center; line-height: 107%; margin: 0cm 0cm 8pt 60.55pt; font-family: Aptos,Aptos_EmbeddedFont,Aptos_MSFontService,Calibri,Helvetica,sans-serif; font-size: 12pt; color: #000000;\"><span style=\"font-family: Akaya Kanadaka; font-weight: normal;\">Lapereau Farci aux Ris de Veau et Pignons de Pins, Sauce aux Moutardes Bister\u00a0<\/span><\/div>\n<div style=\"text-align: center; line-height: 107%; margin: 0cm 0cm 8pt 60.55pt; font-family: Aptos,Aptos_EmbeddedFont,Aptos_MSFontService,Calibri,Helvetica,sans-serif; font-size: 12pt; color: #000000;\"><span style=\"font-family: Akaya Kanadaka; font-weight: normal;\">L\u00e9gumes de Saison et Gratin de Pdt<\/span><\/div>\n<div style=\"text-align: center; line-height: 107%; margin: 0cm 0cm 8pt 60.55pt; font-family: Aptos,Aptos_EmbeddedFont,Aptos_MSFontService,Calibri,Helvetica,sans-serif; font-size: 12pt; color: #000000;\"><span style=\"font-family: Akaya Kanadaka; font-weight: normal;\">DESSERT<\/span><\/div>\n<div style=\"text-align: center; line-height: 107%; margin: 0cm 0cm 8pt 60.55pt; font-family: Aptos,Aptos_EmbeddedFont,Aptos_MSFontService,Calibri,Helvetica,sans-serif; font-size: 12pt; color: #000000;\"><span style=\"font-family: Akaya Kanadaka; font-weight: normal;\">Le Pain Perdu Brioch\u00e9 de mon Enfance,\u00a0<\/span><\/div>\n<div style=\"text-align: center; line-height: 107%; margin: 0cm 0cm 8pt 60.55pt; font-family: Aptos,Aptos_EmbeddedFont,Aptos_MSFontService,Calibri,Helvetica,sans-serif; font-size: 12pt; color: #000000;\"><span style=\"font-family: Akaya Kanadaka; font-weight: normal;\">Cr\u00e8me Anglaise \u00e0 la F\u00eave tTonka et Glace Pralin\u00e9e,\u00a0<\/span><\/div>\n<div style=\"text-align: center; line-height: 107%; margin: 0cm 0cm 8pt 60.55pt; font-family: Aptos,Aptos_EmbeddedFont,Aptos_MSFontService,Calibri,Helvetica,sans-serif; font-size: 12pt; color: #000000;\"><span style=\"font-family: Akaya Kanadaka; font-weight: normal;\">Crumble de Noisettes<\/span><\/div>\n<div style=\"text-align: center; line-height: 107%; margin: 0cm 0cm 8pt 60.55pt; font-family: Aptos,Aptos_EmbeddedFont,Aptos_MSFontService,Calibri,Helvetica,sans-serif; font-size: 12pt; color: #000000;\"><span style=\"font-family: Akaya Kanadaka; font-weight: normal;\">POUR TERMINER<\/span><\/div>\n<div style=\"text-align: center; line-height: 107%; margin: 1em 0cm 1em 60.55pt; font-family: Aptos,Aptos_EmbeddedFont,Aptos_MSFontService,Calibri,Helvetica,sans-serif; font-size: 12pt; color: #000000;\"><span style=\"font-family: Akaya Kanadaka; font-weight: normal;\">Le Petit Moka et sa Suite en\u00a0 Buffet\u2026\u2026\u2026\u2026\u2026et le Petit Peketcoffee.\u00a0\u00a0<\/span><\/div>\n<div style=\"text-align: center; line-height: 107%; margin: 1em 0cm 1em 60.55pt; font-family: Aptos,Aptos_EmbeddedFont,Aptos_MSFontService,Calibri,Helvetica,sans-serif; font-size: 12pt; color: #000000;\"><\/div>\n<p lang=\"fr-FR\" align=\"center\"><span style=\"color: #000000;\"><span style=\"font-family: Monotype Corsiva;\"><span style=\"font-size: small;\"><span lang=\"fr-BE\">Traiteur : S\u00e9bastien Pyck<\/span><\/span><\/span><\/span><\/p>\n<p>\u00a0<strong>D\u00e9roulement de la journ\u00e9e:<\/strong><\/p>\n<p>09h00 : accueil des confr\u00e9ries (Salle le Bienvenu, 32 chemin des archiducs, <br \/>\u00e0 5100 W\u00e9pion)<br \/>10h00 : Mise en habits \u2013 10h15 : Appel des confr\u00e9ries<br \/>10h30 : Ouverture du 27\u00e8me chapitre<br \/>12h00: Verre de l\u2019amiti\u00e9 <br \/>13h00 : Repas et apr\u00e8s-midi anim\u00e9e par Andr\u00e9 Caltagirone<\/p>\n<p>\u00a0<span style=\"font-family: Bellota, monospace;\"><span style=\"font-size: large;\"><\/span><\/span><strong>Animation <\/strong>: <a rel=\"noreferrer noopener\" href=\"https:\/\/www.facebook.com\/andrea.caltagirone.98\" target=\"_blank\">Andrea Caltagirone<\/a><\/p>\n<p style=\"margin-left: 2.54cm;\" lang=\"fr-BE\"><span style=\"font-family: Bellota, monospace;\"><span style=\"font-size: large;\"><\/span><\/span><\/p>\n<p style=\"margin-left: 2.54cm;\" lang=\"fr-BE\"><span style=\"font-family: Bellota, monospace;\"><span style=\"font-size: large;\"><\/span><\/span><\/p>\n<p><!-- \/divi:heading --><!-- divi:paragraph {\"fontSize\":\"medium\"} --><!-- \/divi:paragraph --><!-- divi:paragraph {\"style\":{\"typography\":{\"fontSize\":\"24px\"}}} --><!-- \/divi:paragraph --><!-- divi:heading --><\/p>\n<h2>Tombola<\/h2>\n<p style=\"letter-spacing: normal; line-height: 0.35cm;\" lang=\"fr-BE\" align=\"center\"><span style=\"color: #000000;\"><span style=\"font-family: Architects Daughter, serif;\"><span style=\"font-size: medium;\"><u><b>Bulletin d\u2019inscription<\/b><\/u><\/span><\/span><\/span><\/p>\n<p><span lang=\"fr-BE\"><span style=\"text-decoration: none;\"><b>\u00c0 renvoyer \u00e0 <\/b><\/span><\/span><a href=\"mailto:chauvierclaudine@gmail.com\" target=\"_blank\" rel=\"noopener\">chauvierclaudine@gmail.com<\/a><span lang=\"fr-BE\"><span style=\"text-decoration: none;\"><b> ou \u00e0 l\u2019adresse suivante\u00a0: Tienne de Bouge 2 , B5004 Bouge<\/b><\/span><\/span><\/p>\n<p lang=\"fr-BE\"><b>T\u00e9l 00 32 474507922\u00a0 ou 0474207922<\/b><\/p>\n<p>Inscriptions pour les civils:<\/p>\n<p>Je soussign\u00e9 &#8230;&#8230;&#8230;&#8230;&#8230;&#8230;&#8230;&#8230;&#8230;&#8230;&#8230;&#8230;&#8230;&#8230;&#8230;&#8230;&#8230;&#8230;&#8230;&#8230;&#8230;participerai au 28\u00e8me chapitre accompagn\u00e9 de\u00a0\u00a0&#8230;&#8230; personnes<\/p>\n<p>Je soussign\u00e9 &#8230;&#8230;&#8230;&#8230;&#8230;&#8230;&#8230;&#8230;&#8230;&#8230;&#8230;&#8230;&#8230;&#8230;&#8230;&#8230;&#8230;&#8230;&#8230;&#8230;&#8230;&#8230;participerai aux agapes du samedi 23 ao\u00fbt et r\u00e9serve &#8230;&#8230;&#8230;.. Repas<\/p>\n<p>\u00b0\u00a0\u00a0 D\u00e9sire me trouver \u00e0 la table de \u2026\u2026\u2026\u2026\u2026\u2026\u2026\u2026\u2026\u2026\u2026\u2026\u2026\u2026\u2026\u2026\u2026\u2026\u2026\u2026\u2026\u2026\u2026\u2026\u2026\u2026\u2026\u2026\u2026\u2026\u2026\u2026\u2026\u2026\u2026\u2026\u2026\u2026\u2026\u2026\u2026\u2026\u2026\u2026\u2026\u2026\u2026\u2026\u2026\u2026\u2026\u2026.<\/p>\n<p>Prix du repas : \u00a0\u00a0\u00a0\u00a0\u00a0\u00a0\u00a0\u00a0\u00a0\u00a0 &#8211;\u00a0\u00a0\u00a0\u00a0\u00a0\u00a0\u00a0\u00a0\u00a0\u00a0 68 \u20ac par versement sur le compte de la confr\u00e9rie :<\/p>\n<p>IBAN : BE58 7326 6432 6779 (Communication = nom du\/des participant(s))<\/p>\n<p>OU\u00a0\u00a0\u00a0\u00a0\u00a0\u00a0\u00a0\u00a0\u00a0\u00a0\u00a0\u00a0\u00a0\u00a0\u00a0\u00a0\u00a0\u00a0\u00a0\u00a0\u00a0\u00a0\u00a0\u00a0\u00a0\u00a0\u00a0\u00a0\u00a0 &#8211;\u00a0\u00a0\u00a0\u00a0\u00a0\u00a0\u00a0\u00a0\u00a0\u00a0 Paiement sur place<\/p>\n<p>Invitation pour les Confr\u00e9ries :<\/p>\n<p>La confr\u00e9rie&#8230;&#8230;&#8230;&#8230;&#8230;&#8230;&#8230;&#8230;&#8230;&#8230;&#8230;&#8230;&#8230;&#8230;&#8230;&#8230;&#8230;&#8230;&#8230;&#8230;&#8230;&#8230;&#8230;&#8230;&#8230;&#8230;&#8230;&#8230;&#8230;&#8230;&#8230;&#8230;&#8230;&#8230;&#8230;&#8230;&#8230;&#8230;&#8230;&#8230;&#8230;&#8230;&#8230;&#8230;&#8230;&#8230;&#8230;&#8230;&#8230;&#8230;&#8230;&#8230;&#8230;&#8230;&#8230;&#8230;&#8230;&#8230;&#8230;&#8230;&#8230;&#8230;&#8230;&#8230;&#8230;&#8230;&#8230;..<\/p>\n<p>&#8211; Participera au chapitre au nombre de &#8230;&#8230;&#8230;&#8230;&#8230;&#8230; personne(s)<\/p>\n<p>&#8211; Participera aux agapes du samedi 23 ao\u00fbt 2025 et r\u00e9serve &#8230;&#8230;&#8230;.. repas<\/p>\n<p>\u00b0\u00a0\u00a0 D\u00e9sire se trouver \u00e0 la table de \u2026\u2026\u2026\u2026\u2026\u2026\u2026\u2026\u2026\u2026\u2026\u2026\u2026\u2026\u2026\u2026\u2026\u2026\u2026\u2026\u2026\u2026\u2026\u2026\u2026\u2026\u2026\u2026\u2026\u2026\u2026\u2026\u2026\u2026\u2026\u2026\u2026\u2026\u2026\u2026\u2026\u2026\u2026\u2026\u2026\u2026\u2026\u2026\u2026\u2026\u2026\u2026.<\/p>\n<p>Prix du repas : \u00a0\u00a0\u00a0\u00a0\u00a0\u00a0\u00a0\u00a0\u00a0\u00a0 &#8211;\u00a0\u00a0\u00a0\u00a0\u00a0\u00a0\u00a0\u00a0\u00a0\u00a0 68 \u20ac par versement sur le compte de la confr\u00e9rie :<\/p>\n<p>IBAN : BE58 7326 6432 6779 (nom de la confr\u00e9rie)<\/p>\n<p>Pour les \u00e9trangers, les ch\u00e8ques ne sont pas accept\u00e9s.<\/p>\n<p>OU\u00a0\u00a0\u00a0\u00a0\u00a0\u00a0\u00a0\u00a0\u00a0\u00a0\u00a0\u00a0\u00a0\u00a0\u00a0\u00a0\u00a0\u00a0\u00a0\u00a0\u00a0\u00a0\u00a0\u00a0\u00a0\u00a0\u00a0\u00a0\u00a0 &#8211;\u00a0\u00a0\u00a0\u00a0\u00a0\u00a0\u00a0\u00a0\u00a0\u00a0 paiement sur place<\/p>\n<p>Une participation de 10 \u20ac sera demand\u00e9e au Confr\u00e8re qui serait intronis\u00e9 et qui ne participerait pas au repas.<\/p>\n<p>Intronis\u00e9 d\u2019honneur<\/p>\n<p>Nom : &#8230;&#8230;&#8230;&#8230;&#8230;&#8230;&#8230;&#8230;&#8230;&#8230;&#8230;&#8230;&#8230;&#8230;&#8230;&#8230;&#8230;&#8230;&#8230;&#8230;&#8230;\u00a0\u00a0\u00a0\u00a0\u00a0\u00a0\u00a0\u00a0\u00a0\u00a0 Pr\u00e9nom :\u00a0 &#8230;&#8230;&#8230;&#8230;&#8230;&#8230;&#8230;&#8230;&#8230;&#8230;&#8230;&#8230;&#8230;&#8230;&#8230;&#8230;&#8230;&#8230;&#8230;&#8230;&#8230;&#8230;&#8230;&#8230;&#8230;&#8230;&#8230;&#8230;&#8230;&#8230;&#8230;<\/p>\n<p>Adresse : &#8230;&#8230;&#8230;&#8230;&#8230;&#8230;&#8230;&#8230;&#8230;&#8230;&#8230;&#8230;&#8230;&#8230;&#8230;&#8230;&#8230;&#8230;&#8230;&#8230;&#8230;&#8230;&#8230;&#8230;&#8230;&#8230;&#8230;&#8230;&#8230;&#8230;&#8230;&#8230;&#8230;&#8230;&#8230;&#8230;&#8230;&#8230;&#8230;&#8230;&#8230;&#8230;&#8230;&#8230;&#8230;&#8230;&#8230;&#8230;&#8230;&#8230;&#8230;&#8230;&#8230;&#8230;&#8230;&#8230;&#8230;&#8230;&#8230;&#8230;&#8230;&#8230;&#8230;&#8230;&#8230;&#8230;&#8230;&#8230;..<\/p>\n<p>R\u00f4le dans votre confr\u00e9rie : &#8230;&#8230;&#8230;&#8230;&#8230;&#8230;&#8230;&#8230;&#8230;&#8230;&#8230;&#8230;&#8230;&#8230;&#8230;&#8230;&#8230;&#8230;&#8230;&#8230;&#8230;&#8230;&#8230;&#8230;&#8230;&#8230;&#8230;&#8230;&#8230;&#8230;&#8230;&#8230;&#8230;&#8230;&#8230;&#8230;&#8230;&#8230;&#8230;&#8230;&#8230;&#8230;&#8230;&#8230;&#8230;&#8230;&#8230;&#8230;&#8230;&#8230;&#8230;&#8230;&#8230;&#8230;&#8230;&#8230;<\/p>\n<p>Produits de la confr\u00e9rie :\u00a0 \u2026\u2026\u2026\u2026\u2026\u2026\u2026\u2026\u2026\u2026\u2026\u2026\u2026\u2026\u2026\u2026\u2026\u2026\u2026\u2026\u2026\u2026\u2026\u2026\u2026\u2026\u2026\u2026\u2026\u2026\u2026\u2026\u2026\u2026\u2026\u2026\u2026\u2026\u2026\u2026\u2026\u2026\u2026\u2026\u2026\u2026\u2026\u2026\u2026\u2026\u2026\u2026\u2026\u2026\u2026\u2026\u2026\u2026\u2026\u2026\u2026\u2026\u2026\u2026\u2026\u2026\u2026\u2026\u2026\u2026\u2026\u2026\u2026\u2026\u2026\u2026<\/p>\n<p>Bref curriculum vitae :(Qualit\u00e9s:)&#8230;&#8230;&#8230;&#8230;&#8230;&#8230;&#8230;&#8230;&#8230;&#8230;&#8230;&#8230;&#8230;&#8230;&#8230;&#8230;&#8230;&#8230;&#8230;&#8230;&#8230;&#8230;&#8230;&#8230;&#8230;&#8230;&#8230;&#8230;&#8230;&#8230;&#8230;&#8230;&#8230;&#8230;&#8230;&#8230;&#8230;&#8230;&#8230;&#8230;&#8230;&#8230;&#8230;&#8230;&#8230;&#8230;&#8230;&#8230;&#8230;&#8230;&#8230;&#8230;&#8230;&#8230;&#8230;&#8230;&#8230;&#8230;&#8230;&#8230;&#8230;&#8230;&#8230;&#8230;&#8230;&#8230;&#8230;&#8230;&#8230;&#8230;&#8230;&#8230;&#8230;&#8230;&#8230;&#8230;&#8230;&#8230;&#8230;&#8230;&#8230;&#8230;&#8230;&#8230;&#8230;&#8230;&#8230;&#8230;&#8230;&#8230;..(D\u00e9fauts:) &#8230;&#8230;&#8230;&#8230;&#8230;&#8230;&#8230;&#8230;&#8230;&#8230;&#8230;&#8230;&#8230;&#8230;&#8230;&#8230;&#8230;&#8230;&#8230;&#8230;&#8230;&#8230;&#8230;&#8230;&#8230;&#8230;&#8230;&#8230;&#8230;&#8230;&#8230;&#8230;&#8230;&#8230;&#8230;&#8230;&#8230;&#8230;&#8230;&#8230;&#8230;&#8230;&#8230;&#8230;&#8230;&#8230;&#8230;&#8230;&#8230;&#8230;&#8230;&#8230;&#8230;&#8230;&#8230;&#8230;&#8230;&#8230;&#8230;&#8230;&#8230;&#8230;&#8230;&#8230;&#8230;&#8230;&#8230;&#8230;&#8230;&#8230;&#8230;&#8230;&#8230;&#8230;&#8230;&#8230;&#8230;&#8230;&#8230;&#8230;&#8230;&#8230;&#8230;&#8230;&#8230;&#8230;&#8230;&#8230;.\u2026<\/p>\n<p>(Sports\u00a0: ) &#8230;&#8230;&#8230;&#8230;&#8230;&#8230;\u2026\u2026\u2026\u2026\u2026\u2026\u2026\u2026\u2026\u2026\u2026\u2026\u2026\u2026&#8230;(boissons pr\u00e9f\u00e9r\u00e9es:)\u2026\u2026\u2026\u2026\u2026\u2026\u2026\u2026\u2026\u2026\u2026\u2026\u2026\u2026\u2026\u2026\u2026\u2026\u2026\u2026\u2026..(M\u00e9tier\u00a0: )\u2026\u2026\u2026\u2026\u2026\u2026\u2026\u2026\u2026\u2026\u2026\u2026\u2026\u2026\u2026\u2026\u2026\u2026\u2026\u2026\u2026\u2026\u2026\u2026\u2026.<\/p>\n<p>R\u00e9servation obligatoire avant le 20 ao\u00fbt 2025.<\/p>\n<p>Tout d\u00e9sistement apr\u00e8s cette date ne sera pas rembours\u00e9<\/p>\n<h2>Infos pratiques<\/h2>\n<p><!-- \/divi:heading --><!-- divi:table --><\/p>\n<figure class=\"wp-block-table\">\n<table>\n<tbody>\n<tr>\n<td>\n<p><strong><u>Inscriptions :<\/u> <u>\u00a0<\/u><\/strong><\/p>\n<p><strong><em>aupr\u00e8s de Claudine Chauvier<\/em><\/strong>, <strong><em>Grand Maisse<\/em><\/strong><br \/><strong><em>T\u00e9l. : +32 474 207 922<\/em><\/strong><br \/><strong><em>Email\u00a0: chauvierclaudine<\/em>@<em>gmail.com\u00a0<\/em><\/strong><br \/><strong><em>Tienne de Bouge 2<\/em><\/strong><br \/><strong><em>5004 BOUGE<\/em><\/strong><\/p>\n<p><strong><em>PRIX : 68 \u20ac \/personne<\/em><\/strong><br \/>B<strong><em>oissons \u00e0 prix d\u00e9mocratique<\/em><\/strong><\/p>\n<p><strong>Paiement\u00a0: virement au compte IBAN : BE58 7326 6432 6779<\/strong> <strong>de la Confr\u00e9rie du Peket d&rsquo;Namur<\/strong><\/p>\n<\/td>\n<\/tr>\n<\/tbody>\n<\/table>\n<\/figure>\n<p><!-- \/divi:table --><!-- divi:paragraph --><\/p>\n<p><strong>Possibilit\u00e9 de payer sur place\u00a0\u00a0\u00a0\u00a0<\/strong><\/p>\n<p>\u00a0<strong>Lieu (chapitre et repas) :<\/strong><\/p>\n<figure class=\"wp-block-image size-full\"><figcaption>Salle du Bienvenu \u00e0 W\u00e9pion<br \/>32 chemin des Archiducs<br \/>google maps\u00a0 :<\/figcaption><\/figure>\n<p><!-- \/divi:image -->[\/et_pb_text][\/et_pb_column][\/et_pb_row][et_pb_row _builder_version=\u00a0\u00bb4.14.4&Prime; _module_preset=\u00a0\u00bbdefault\u00a0\u00bb min_height=\u00a0\u00bb727px\u00a0\u00bb custom_margin=\u00a0\u00bb-110px|auto||auto||\u00a0\u00bb global_colors_info=\u00a0\u00bb{}\u00a0\u00bb][et_pb_column type=\u00a0\u00bb4_4&Prime; _builder_version=\u00a0\u00bb4.14.4&Prime; _module_preset=\u00a0\u00bbdefault\u00a0\u00bb global_colors_info=\u00a0\u00bb{}\u00a0\u00bb][et_pb_image src=\u00a0\u00bbhttp:\/\/confreriepeketescargots.net\/wp-content\/uploads\/2025\/04\/salle-bienvenu.png\u00a0\u00bb title_text=\u00a0\u00bbsalle-bienvenu\u00a0\u00bb _builder_version=\u00a0\u00bb4.14.4&Prime; _module_preset=\u00a0\u00bbdefault\u00a0\u00bb global_colors_info=\u00a0\u00bb{}\u00a0\u00bb][\/et_pb_image][\/et_pb_column][\/et_pb_row][\/et_pb_section]<\/p>\n","protected":false},"excerpt":{"rendered":"<p>Le 28\u00e8me chapitre se tiendra le 23 ao\u00fbt 2025 \u00e0 la Salle le Bienvenu \u00a0Menu 8 services APERITIF Le Cr\u00e9mant d\u2019Alsace\u00a0 accompagn\u00e9 de D\u00e9gustations Froides et Chaudes \u00a0 1\u00e8re ENTREE [&hellip;]<\/p>\n","protected":false},"author":1,"featured_media":0,"parent":0,"menu_order":0,"comment_status":"closed","ping_status":"closed","template":"","meta":{"_et_pb_use_builder":"on","_et_pb_old_content":"","_et_gb_content_width":"","_EventAllDay":false,"_EventTimezone":"","_EventStartDate":"","_EventEndDate":"","_EventStartDateUTC":"","_EventEndDateUTC":"","_EventShowMap":false,"_EventShowMapLink":false,"_EventURL":"","_EventCost":"","_EventCostDescription":"","_EventCurrencySymbol":"","_EventCurrencyCode":"","_EventCurrencyPosition":"","_EventDateTimeSeparator":"","_EventTimeRangeSeparator":"","_EventOrganizerID":[],"_EventVenueID":[0],"_OrganizerEmail":"","_OrganizerPhone":"","_OrganizerWebsite":"","_VenueAddress":"","_VenueCity":"","_VenueCountry":"","_VenueProvince":"","_VenueState":"","_VenueZip":"","_VenuePhone":"","_VenueURL":"","_VenueStateProvince":"","_VenueLat":"","_VenueLng":"","_VenueShowMap":false,"_VenueShowMapLink":false,"footnotes":""},"class_list":["post-625","page","type-page","status-publish","hentry"],"_links":{"self":[{"href":"http:\/\/confreriepeketescargots.net\/index.php\/wp-json\/wp\/v2\/pages\/625","targetHints":{"allow":["GET"]}}],"collection":[{"href":"http:\/\/confreriepeketescargots.net\/index.php\/wp-json\/wp\/v2\/pages"}],"about":[{"href":"http:\/\/confreriepeketescargots.net\/index.php\/wp-json\/wp\/v2\/types\/page"}],"author":[{"embeddable":true,"href":"http:\/\/confreriepeketescargots.net\/index.php\/wp-json\/wp\/v2\/users\/1"}],"replies":[{"embeddable":true,"href":"http:\/\/confreriepeketescargots.net\/index.php\/wp-json\/wp\/v2\/comments?post=625"}],"version-history":[{"count":19,"href":"http:\/\/confreriepeketescargots.net\/index.php\/wp-json\/wp\/v2\/pages\/625\/revisions"}],"predecessor-version":[{"id":665,"href":"http:\/\/confreriepeketescargots.net\/index.php\/wp-json\/wp\/v2\/pages\/625\/revisions\/665"}],"wp:attachment":[{"href":"http:\/\/confreriepeketescargots.net\/index.php\/wp-json\/wp\/v2\/media?parent=625"}],"curies":[{"name":"wp","href":"https:\/\/api.w.org\/{rel}","templated":true}]}}